{"id":24,"date":"2024-12-13T17:57:55","date_gmt":"2024-12-13T16:57:55","guid":{"rendered":"https:\/\/localhost\/?page_id=24"},"modified":"2026-04-22T22:27:19","modified_gmt":"2026-04-22T20:27:19","slug":"start","status":"publish","type":"page","link":"https:\/\/www.dng-ms.eu\/de\/","title":{"rendered":"Start"},"content":{"rendered":"\t\t<div data-elementor-type=\"wp-page\" data-elementor-id=\"24\" class=\"elementor elementor-24\">\n\t\t\t\t<div class=\"elementor-element elementor-element-d23c884 e-flex e-con-boxed e-con e-parent\" data-id=\"d23c884\" data-element_type=\"container\" data-e-type=\"container\" id=\"hero\" data-settings=\"{&quot;background_background&quot;:&quot;slideshow&quot;,&quot;background_slideshow_gallery&quot;:[{&quot;id&quot;:825,&quot;url&quot;:&quot;https:\\\/\\\/www.dng-ms.eu\\\/wp-content\\\/uploads\\\/hero-warnwesten-desktop.jpg&quot;},{&quot;id&quot;:1170,&quot;url&quot;:&quot;https:\\\/\\\/www.dng-ms.eu\\\/wp-content\\\/uploads\\\/Bild-Welbergen-2018-klein-scaled.jpeg&quot;},{&quot;id&quot;:823,&quot;url&quot;:&quot;https:\\\/\\\/www.dng-ms.eu\\\/wp-content\\\/uploads\\\/hero-imkerei-desktop.jpg&quot;},{&quot;id&quot;:112,&quot;url&quot;:&quot;https:\\\/\\\/www.dng-ms.eu\\\/wp-content\\\/uploads\\\/hero-berlin-desktop.jpg&quot;},{&quot;id&quot;:822,&quot;url&quot;:&quot;https:\\\/\\\/www.dng-ms.eu\\\/wp-content\\\/uploads\\\/hero-konzerte-desktop.jpg&quot;},{&quot;id&quot;:824,&quot;url&quot;:&quot;https:\\\/\\\/www.dng-ms.eu\\\/wp-content\\\/uploads\\\/hero-saal-desktop.jpg&quot;},{&quot;id&quot;:821,&quot;url&quot;:&quot;https:\\\/\\\/www.dng-ms.eu\\\/wp-content\\\/uploads\\\/hero-gruppenfoto-desktop.jpg&quot;},{&quot;id&quot;:1012,&quot;url&quot;:&quot;https:\\\/\\\/www.dng-ms.eu\\\/wp-content\\\/uploads\\\/_pda\\\/IMG_7599-scaled.jpg&quot;},{&quot;id&quot;:1059,&quot;url&quot;:&quot;https:\\\/\\\/www.dng-ms.eu\\\/wp-content\\\/uploads\\\/Dorsten-Gruppenfoto-e1750179661604.jpg&quot;}],&quot;background_slideshow_transition_duration&quot;:1000,&quot;background_slideshow_loop&quot;:&quot;yes&quot;,&quot;background_slideshow_slide_duration&quot;:5000,&quot;background_slideshow_slide_transition&quot;:&quot;fade&quot;}\">\n\t\t\t\t\t<div class=\"e-con-inner\">\n\t\t\t\t<div class=\"elementor-element elementor-element-708a99e elementor-widget elementor-widget-heading\" data-id=\"708a99e\" data-element_type=\"widget\" data-e-type=\"widget\" data-widget_type=\"heading.default\">\n\t\t\t\t\t<h1 class=\"elementor-heading-title elementor-size-default\">Deutsch-Niederl\u00e4ndische<br \/>Gesellschaft e.<span class=\"thin-space\">&nbsp;<\/span>V.<\/h1>\t\t\t\t<\/div>\n\t\t\t\t\t<\/div>\n\t\t\t\t<\/div>\n\t\t<section class=\"elementor-element elementor-element-18dbb05 e-flex e-con-boxed e-con e-parent\" data-id=\"18dbb05\" data-element_type=\"container\" data-e-type=\"container\" data-settings=\"{&quot;background_background&quot;:&quot;classic&quot;}\">\n\t\t\t\t\t<div class=\"e-con-inner\">\n\t\t\t\t<div class=\"elementor-element elementor-element-4b28df1 elementor-widget elementor-widget-heading\" data-id=\"4b28df1\" data-element_type=\"widget\" data-e-type=\"widget\" data-widget_type=\"heading.default\">\n\t\t\t\t\t<h2 class=\"elementor-heading-title elementor-size-default\">Grenzen \u00fcberwinden und Kontakte pflegen<\/h2>\t\t\t\t<\/div>\n\t\t\t\t<div class=\"elementor-element elementor-element-0d18b66 elementor-widget elementor-widget-text-editor\" data-id=\"0d18b66\" data-element_type=\"widget\" data-e-type=\"widget\" data-widget_type=\"text-editor.default\">\n\t\t\t\t\t\t\t\t\t<p>Die Deutsch-Niederl\u00e4ndische Gesellschaft ist eine Gemeinschaft von Menschen, Unternehmen und Institutionen im Grenzraum von Westfalen, Niedersachsen und den Niederlanden. Grenzraum stimmt eigentlich schon lange nicht mehr, denn wir haben Grenzen \u00fcberwunden und pflegen den Austausch und die Zusammenarbeit.<\/p><p>Wir sind eine regionale Vereinigung, die im M\u00fcnsterland, im westlichen Niedersachsen und in den niederl\u00e4ndischen Provinzen Gelderland und Overijssel Menschen zusammenf\u00fchrt und Raum f\u00fcr Begegnungen schafft. Ohne Grenzen.<\/p><p>Pers\u00f6nliche Kontakte stehen dabei im Mittelpunkt von Exkursionen, Vortr\u00e4gen und kulturellen Veranstaltungen, die Schwerpunkte unseres Programms sind. Dadurch ergeben sich freundschaftliche Beziehungen, die wir aufbauen und intensivieren.<\/p><p>Das war in der Vergangenheit nicht immer einfach. Vorurteile mussten abgebaut werden. Vielleicht kennen Sie auch dieses Beispiel: Niederl\u00e4nder ern\u00e4hren sich haupts\u00e4chlich von K\u00e4se und Deutsche haupts\u00e4chlich von Bier. Stimmt nat\u00fcrlich nicht. Wir sagen: Menschen m\u00fcssen miteinander sprechen, dann l\u00f6sen sich auch Vorurteile auf. Das ist ein vorrangiges Anliegen unserer Gesellschaft, zu der rund 200 Mitglieder geh\u00f6ren. Einzelne Personen, Unternehmen und Institutionen aus Wirtschaft und Politik.<\/p><p>F\u00fcr Verst\u00e4ndigung \u00fcber Grenzen hinweg sind nicht nur die gro\u00dfen politischen Einheiten zust\u00e4ndig und verantwortlich Verst\u00e4ndigung entwickelt sich in kleinen Gemeinschaften. Die Deutsch-Niederl\u00e4ndische Gesellschaft ist daf\u00fcr ein Beispiel.<\/p>\t\t\t\t\t\t\t\t<\/div>\n\t\t\t\t\t<\/div>\n\t\t\t\t<\/section>\n\t\t<div class=\"elementor-element elementor-element-e30e23b e-flex e-con-boxed e-con e-parent\" data-id=\"e30e23b\" data-element_type=\"container\" data-e-type=\"container\">\n\t\t\t\t\t<div class=\"e-con-inner\">\n\t\t\t\t<div class=\"elementor-element elementor-element-acaf6a8 elementor-widget__width-initial elementor-widget elementor-widget-heading\" data-id=\"acaf6a8\" data-element_type=\"widget\" data-e-type=\"widget\" data-widget_type=\"heading.default\">\n\t\t\t\t\t<h2 class=\"elementor-heading-title elementor-size-default\">Aktuelles<\/h2>\t\t\t\t<\/div>\n\t\t<div class=\"elementor-element elementor-element-7253bd4 e-con-full e-flex e-con e-child\" data-id=\"7253bd4\" data-element_type=\"container\" data-e-type=\"container\">\n\t\t\t\t<div class=\"elementor-element elementor-element-ac89060 elementor-widget elementor-widget-text-editor\" data-id=\"ac89060\" data-element_type=\"widget\" data-e-type=\"widget\" data-widget_type=\"text-editor.default\">\n\t\t\t\t\t\t\t\t\t<figure id=\"attachment_3176\" aria-describedby=\"caption-attachment-3176\" style=\"width: 300px\" class=\"wp-caption alignleft\"><img decoding=\"async\" class=\"wp-image-3176\" src=\"https:\/\/www.dng-ms.eu\/wp-content\/uploads\/_pda\/IMG_4662.heic\" alt=\"\" width=\"300\" \/><figcaption id=\"caption-attachment-3176\" class=\"wp-caption-text\">Der neue Vorstand (v. l.): Prof. Dr. Rudolf Mennigen, Prof. Dr. Jacco Pekelder, J\u00fcrgen Wannhoff, die ausscheidende Vorsitzende Dorothee Feller, Gesch\u00e4ftsf\u00fchrer Servaas van der Avoort und Drs. Paul Abels. Bild: B. van der Avoort\/DNG.<\/figcaption><\/figure><p style=\"font-weight: 400;\"><strong>Mitgliederversammlung w\u00e4hlt neuen Vorsitzenden.<br \/><\/strong>Am 17. April 2026 w\u00e4hlte die Mitgliederversammlung der Deutsch-Niederl\u00e4ndischen Gesellschaft Prof. Dr. Jacco Pekelder als neuen Vorsitzenden. Er folgt auf Dorothee Feller, die nach fast 10 Jahren Vorstandsarbeit, davon 7 Jahre als Vorsitzende, nicht mehr kandidiert. Als Stellvertreter wurden Prof. Dr. Rudolf Mennigen und J\u00fcrgen Wannhoff gew\u00e4hlt. Die Gesellschaft dankte Dorothee Feller ausdr\u00fccklich f\u00fcr ihren Einsatz f\u00fcr die deutsch-niederl\u00e4ndische Zusammenarbeit.\u00a0<\/p>\t\t\t\t\t\t\t\t<\/div>\n\t\t\t\t<div class=\"elementor-element elementor-element-f6bbfee elementor-widget elementor-widget-text-editor\" data-id=\"f6bbfee\" data-element_type=\"widget\" data-e-type=\"widget\" data-widget_type=\"text-editor.default\">\n\t\t\t\t\t\t\t\t\t<p style=\"font-weight: 400;\"><strong>Das Studentenorchester Utrecht (NL) zu Gast in M\u00fcnster.\u00a0<br \/><\/strong><img fetchpriority=\"high\" decoding=\"async\" class=\"size-medium wp-image-3051 alignleft\" src=\"https:\/\/www.dng-ms.eu\/wp-content\/uploads\/Utrecht-Studenten-Orchester-213x300.jpg\" alt=\"\" width=\"213\" height=\"300\" srcset=\"https:\/\/www.dng-ms.eu\/wp-content\/uploads\/Utrecht-Studenten-Orchester-213x300.jpg 213w, https:\/\/www.dng-ms.eu\/wp-content\/uploads\/Utrecht-Studenten-Orchester-768x1080.jpg 768w, https:\/\/www.dng-ms.eu\/wp-content\/uploads\/Utrecht-Studenten-Orchester-728x1024.jpg 728w, https:\/\/www.dng-ms.eu\/wp-content\/uploads\/Utrecht-Studenten-Orchester-1092x1536.jpg 1092w, https:\/\/www.dng-ms.eu\/wp-content\/uploads\/Utrecht-Studenten-Orchester-1456x2048.jpg 1456w, https:\/\/www.dng-ms.eu\/wp-content\/uploads\/Utrecht-Studenten-Orchester-9x12.jpg 9w, https:\/\/www.dng-ms.eu\/wp-content\/uploads\/Utrecht-Studenten-Orchester.jpg 1789w\" sizes=\"(max-width: 213px) 100vw, 213px\" \/>Am 27. April 2026 kommt das Studentenorchester aus Utrecht (NL) nach M\u00fcnster zu einem Konzert um 14 Uhr in der \u00dcberwasserkirche. Im Rahmen der Orchesterreise werden auch Hamburg und Kopenhagen besucht. Das Orchester gilt als das \u00e4lteste Symphonieorchester der Niederlande und wurde 1823 gegr\u00fcndet. Gespielt wird &#8222;Der Zauberlehrling&#8220; von Paul Ducas, &#8222;Der Sturm Op.18&#8220; von Pyotr Tchaikovsky und &#8222;Scheherazade Op. 35&#8220; von Nikolai Rimsky-Korsakov. Der Eintritt ist frei.<\/p>\t\t\t\t\t\t\t\t<\/div>\n\t\t\t\t<div class=\"elementor-element elementor-element-c864226 elementor-widget elementor-widget-text-editor\" data-id=\"c864226\" data-element_type=\"widget\" data-e-type=\"widget\" data-widget_type=\"text-editor.default\">\n\t\t\t\t\t\t\t\t\t<p style=\"font-weight: 400;\"><strong>Informationsabend des Zentrums Niederlande Studien &#8222;Aan de slag &#8211; Die neue Regierung der Niederlande&#8220;.\u00a0<br \/><\/strong>Nach relativ z\u00fcgigen Koalitionsverhandlungen wird in Den Haag die neue niederl\u00e4ndische Regierung vereidigt. Die sozial-liberale D66, die Partei des neuen Ministerpr\u00e4sidenten Rob Jetten, wird zusammen mit der konservativ-liberalen VVD und dem christdemokratischen CDA eine Minderheitsregierung bilden \u2013 ein durchaus spannendes Experiment, denn so muss die Regierung f\u00fcr jedes Vorhaben Stimmen aus der Opposition gewinnen. Welche Ziele strebt das neue B\u00fcndnis an? Welche Personen sind mit der Umsetzung der Pl\u00e4ne vertraut? Welche Reaktionen haben diese Pl\u00e4ne hervorgerufen? Bei welchen Themen wird der Regierung die Suche nach den erforderlichen Mehrheiten besonders schwerfallen?<\/p><p>An dem Informationsabend werden die wichtigsten Themen und Fragen rund um die Regierungsbildung behandelt und den neuen Koalitionsvertrag <em>Aan de slag. Bouwen aan een beter Nederland<\/em>\u00a0(dt.:\u00a0<em>An die Arbeit. Bessere Niederlande erschaffen)<\/em> beleuchtet.<\/p><p>Corine van Zuthem moderiert die Veranstaltung und f\u00fchrt Sie mithilfe der Expert:innen Markus Wilp, Jacco Pekelder, Max Dahlmer und Marja Verburg durch den Abend.<\/p><p>Die Veranstaltung findet auf Deutsch statt. Der Eintritt ist frei.\u00a0<strong>Bitte melden Sie sich \u00fcber folgenden Link an:\u00a0<\/strong><a href=\"https:\/\/indico.uni-muenster.de\/event\/3994\/\">https:\/\/indico.uni-muenster.de\/event\/3994\/<\/a><\/p>\t\t\t\t\t\t\t\t<\/div>\n\t\t\t\t<div class=\"elementor-element elementor-element-54e4df2 elementor-widget elementor-widget-text-editor\" data-id=\"54e4df2\" data-element_type=\"widget\" data-e-type=\"widget\" data-widget_type=\"text-editor.default\">\n\t\t\t\t\t\t\t\t\t<p style=\"font-weight: 400;\"><strong>Vorank\u00fcndigung Exkursion 2026 \u00a0<br \/><\/strong>Die Vorbereitung f\u00fcr die Tagesfahrt in die Niederlande am 11. Juli 2026 l\u00e4uft auf vollen Touren. Den Termin k\u00f6nnen Sie sich schon vormerken. Wir fahren nach Genemuiden, der Teppichstadt der Niederlande, und Zwartewaterland. Wir haben ein abwechslungsreiches Programm zusammengestellt. Die Fahrt ist eine sch\u00f6ne Gelegenheit f\u00fcr Interessierte, unsere Gesellschaft n\u00e4her kennenzulernen.<\/p>\t\t\t\t\t\t\t\t<\/div>\n\t\t\t\t<div class=\"elementor-element elementor-element-b8a7968 elementor-widget elementor-widget-text-editor\" data-id=\"b8a7968\" data-element_type=\"widget\" data-e-type=\"widget\" data-widget_type=\"text-editor.default\">\n\t\t\t\t\t\t\t\t\t<p style=\"font-weight: 400;\"><strong>Einladung zum Storytelling-Konzert in Stadtlohn<br \/><\/strong><span style=\"font-size: 20px; text-align: var(--text-align);\">Unter dem Motto &#8222;Musik trifft Geschichte&#8220; wird im Rahmen eines Konzerts an das Ende des Zweiten Weltkriegs vor 80 Jahren erinnert. Das Konzert &#8222;Die Grenze \/ De Grens&#8220; bringt deutsche und niederl\u00e4ndische Perspektiven auf die B\u00fchne \u2013 mit dabei die Konrad Koselleck Big Band (NL), S\u00e4ngerin Lilith Walkenhorst (D) und Storyteller Vincent Bijlo (NL). Begleitet wird der Abend durch kreative Beitr\u00e4ge von Sch\u00fclerinnen und Sch\u00fclern der Herta-Lebenstein-Realschule Stadtlohn. Das Konzert findet statt am 28. November 2025 in der Stadthalle Stadtlohn, Beginn 19:30 Uhr. Eintritt frei. <a href=\"https:\/\/www.dng-ms.eu\/wp-content\/uploads\/Storytelling-Konzert-Flyer.pdf\">Storytelling-Konzert Flyer<\/a><\/span><\/p><p style=\"font-weight: 400;\">\u00a0<\/p>\t\t\t\t\t\t\t\t<\/div>\n\t\t\t\t<div class=\"elementor-element elementor-element-c8a8eee elementor-widget elementor-widget-text-editor\" data-id=\"c8a8eee\" data-element_type=\"widget\" data-e-type=\"widget\" data-widget_type=\"text-editor.default\">\n\t\t\t\t\t\t\t\t\t<figure id=\"attachment_2333\" aria-describedby=\"caption-attachment-2333\" style=\"width: 300px\" class=\"wp-caption alignleft\"><img decoding=\"async\" class=\"wp-image-2333 size-medium\" src=\"https:\/\/www.dng-ms.eu\/wp-content\/uploads\/8e9b0d48-e3ac-40fd-b2b1-504e4b0f5941-300x225.jpg\" alt=\"\" width=\"300\" height=\"225\" srcset=\"https:\/\/www.dng-ms.eu\/wp-content\/uploads\/8e9b0d48-e3ac-40fd-b2b1-504e4b0f5941-300x225.jpg 300w, https:\/\/www.dng-ms.eu\/wp-content\/uploads\/8e9b0d48-e3ac-40fd-b2b1-504e4b0f5941-768x576.jpg 768w, https:\/\/www.dng-ms.eu\/wp-content\/uploads\/8e9b0d48-e3ac-40fd-b2b1-504e4b0f5941-1024x768.jpg 1024w, https:\/\/www.dng-ms.eu\/wp-content\/uploads\/8e9b0d48-e3ac-40fd-b2b1-504e4b0f5941-1536x1152.jpg 1536w, https:\/\/www.dng-ms.eu\/wp-content\/uploads\/8e9b0d48-e3ac-40fd-b2b1-504e4b0f5941-16x12.jpg 16w, https:\/\/www.dng-ms.eu\/wp-content\/uploads\/8e9b0d48-e3ac-40fd-b2b1-504e4b0f5941-420x315.jpg 420w, https:\/\/www.dng-ms.eu\/wp-content\/uploads\/8e9b0d48-e3ac-40fd-b2b1-504e4b0f5941.jpg 1600w\" sizes=\"(max-width: 300px) 100vw, 300px\" \/><figcaption id=\"caption-attachment-2333\" class=\"wp-caption-text\">Paul Abels und Prof. Dr. Rudolf Mennigen begr\u00fc\u00dften gemeinsam die G\u00e4ste. Die Ausstellung ist bis zum 23. November ge\u00f6ffnet. Bild: A. Mennigen\/DNG<\/figcaption><\/figure><p><strong>Niederl\u00e4ndisch-deutsche Ausstellung in Kunstwerkstatt Q4 in M\u00fcnster<\/strong><strong style=\"font-weight: 400;\"><br \/><\/strong><span style=\"text-align: var(--text-align);\">Die Kunstwerkstatt\/Galerie Q4 (Kuhstra\u00dfe 4, M\u00fcnster) nimmt als einzige deutsche Galerie an der Grafik Triennale in den Niederlanden teil, bei der 50 St\u00e4dte vertreten sind. In M\u00fcnster werden vier niederl\u00e4ndische K\u00fcnstler und K\u00fcnstlerinnen (Stichting AppendiX aus Rotterdam) gemeinsam mit Mitgliedern der Kunstwerkstatt ausstellen. Die Er\u00f6ffnung war am 8. November. Als Vertreter der DNG M\u00fcnster sprachen unser stellvertretender Vorsitzender Prof. Dr. Rudolf Mennigen und Vorstandsmitglied Paul Abels ein Gru\u00dfwort. <a href=\"https:\/\/www.dng-ms.eu\/wp-content\/uploads\/Grafik-Triennale-2025.pdf\">Grafik-Triennale 2025<\/a><\/span><\/p>\t\t\t\t\t\t\t\t<\/div>\n\t\t\t\t<div class=\"elementor-element elementor-element-1807fb3 elementor-widget elementor-widget-text-editor\" data-id=\"1807fb3\" data-element_type=\"widget\" data-e-type=\"widget\" data-widget_type=\"text-editor.default\">\n\t\t\t\t\t\t\t\t\t<p style=\"font-weight: 400;\"><strong>Verabschiedung Dr. Loek Geeraedts als Vorsitzender der BDNZ <br \/><\/strong><span style=\"font-size: 20px; text-align: var(--text-align);\">Unser Mitglied Dr. Loek Geeraedts wurde im Rahmen einer Feierstunde am 19.09.2025 im Zentrum f\u00fcr Niederlande-Studien, M\u00fcnster verabschiedet. Dr. Geeraedts war zehn Jahre Vorsitzender der Bundesgemeinschaft f\u00fcr deutsch-niederl\u00e4ndische Zusammenarbeit, der Dachorganisation deutsch-niederl\u00e4ndischer Kulturvereinigungen. Unsere Gesellschaft ist dort seit der Gr\u00fcndung 1968 aktives Mitglied. Als Vertreter der DNG M\u00fcnster sprach unser stellvertretender Vorsitzender Prof. Dr. Rudolf Mennigen ein Gru\u00dfwort. Die Festrede zum Thema \u201eDeutschland und die Niederlande in Europa\u201c hielt der fr\u00fchere Bundeswirtschaftsminister und MdB a.D. Peter Altmaier.<\/span><\/p>\t\t\t\t\t\t\t\t<\/div>\n\t\t\t\t<div class=\"elementor-element elementor-element-088b49c elementor-widget__width-initial elementor-widget elementor-widget-image\" data-id=\"088b49c\" data-element_type=\"widget\" data-e-type=\"widget\" data-widget_type=\"image.default\">\n\t\t\t\t\t\t\t\t\t\t\t\t<figure class=\"wp-caption\">\n\t\t\t\t\t\t\t\t\t\t<img decoding=\"async\" width=\"2560\" height=\"2062\" src=\"https:\/\/www.dng-ms.eu\/wp-content\/uploads\/Grusswort-scaled.jpg\" class=\"attachment-full size-full wp-image-1867\" alt=\"\" srcset=\"https:\/\/www.dng-ms.eu\/wp-content\/uploads\/Grusswort-scaled.jpg 2560w, https:\/\/www.dng-ms.eu\/wp-content\/uploads\/Grusswort-300x242.jpg 300w, https:\/\/www.dng-ms.eu\/wp-content\/uploads\/Grusswort-768x619.jpg 768w, https:\/\/www.dng-ms.eu\/wp-content\/uploads\/Grusswort-1024x825.jpg 1024w, https:\/\/www.dng-ms.eu\/wp-content\/uploads\/Grusswort-1536x1237.jpg 1536w, https:\/\/www.dng-ms.eu\/wp-content\/uploads\/Grusswort-2048x1650.jpg 2048w, https:\/\/www.dng-ms.eu\/wp-content\/uploads\/Grusswort-15x12.jpg 15w\" sizes=\"(max-width: 2560px) 100vw, 2560px\" \/>\t\t\t\t\t\t\t\t\t\t\t<figcaption class=\"widget-image-caption wp-caption-text\">Die Ehreng\u00e4ste bei der Verabschiedung von Dr. Loek Geeraedts in der Bibliothek des Hauses der Niederlande, M\u00fcnster.  Von links: B\u00fcrgermeisterin Maria Winkel,  neue Vorsitzende der BDNZ Corinna Endlich, Dr. Loek Geeraedts, Festredner Peter Altmaier, Generalkonsulin Hannah Tijmes und 2. Vorsitzende der DNG M\u00fcnster Prof. Dr. Rudolf Mennigen.<\/figcaption>\n\t\t\t\t\t\t\t\t\t\t<\/figure>\n\t\t\t\t\t\t\t\t\t<\/div>\n\t\t\t\t<div class=\"elementor-element elementor-element-7f762b0 elementor-widget elementor-widget-text-editor\" data-id=\"7f762b0\" data-element_type=\"widget\" data-e-type=\"widget\" data-widget_type=\"text-editor.default\">\n\t\t\t\t\t\t\t\t\t<p><strong>Tagesfahrt Kreis Warendorf (D)<br \/><\/strong>Die Tagesfahrt am 28.06.2025 durch den Kreis Warendorf war ein voller Erfolg. Bei sch\u00f6nstem Wetter konnten die Teilnehmer ein abwechslungsreiches Programm genie\u00dfen. Vielen Dank an Familie M\u00fcnstermann f\u00fcr die Gastfreundschaft. Dank an Landrat Dr. Olaf Gericke, Kreisdirektor Dr. Stefan Funke (beide Kreis Warendorf), Marie-Theres Kastner (Stiftskammer Freckenhorst) und Prof. Dr. Stefan H\u00f6ppner (Kulturgut Haus Nottbeck) f\u00fcr die Begr\u00fc\u00dfung und Erl\u00e4uterung w\u00e4hrend der Exkursion.<\/p>\t\t\t\t\t\t\t\t<\/div>\n\t\t\t\t<div class=\"elementor-element elementor-element-b81aee5 elementor-widget__width-initial elementor-widget elementor-widget-image\" data-id=\"b81aee5\" data-element_type=\"widget\" data-e-type=\"widget\" data-widget_type=\"image.default\">\n\t\t\t\t\t\t\t\t\t\t\t\t<figure class=\"wp-caption\">\n\t\t\t\t\t\t\t\t\t\t<img loading=\"lazy\" decoding=\"async\" width=\"2560\" height=\"1920\" src=\"https:\/\/www.dng-ms.eu\/wp-content\/uploads\/IMG_6537-scaled.jpg\" class=\"attachment-full size-full wp-image-1701\" alt=\"\" srcset=\"https:\/\/www.dng-ms.eu\/wp-content\/uploads\/IMG_6537-scaled.jpg 2560w, https:\/\/www.dng-ms.eu\/wp-content\/uploads\/IMG_6537-300x225.jpg 300w, https:\/\/www.dng-ms.eu\/wp-content\/uploads\/IMG_6537-768x576.jpg 768w, https:\/\/www.dng-ms.eu\/wp-content\/uploads\/IMG_6537-1024x768.jpg 1024w, https:\/\/www.dng-ms.eu\/wp-content\/uploads\/IMG_6537-1536x1152.jpg 1536w, https:\/\/www.dng-ms.eu\/wp-content\/uploads\/IMG_6537-2048x1536.jpg 2048w, https:\/\/www.dng-ms.eu\/wp-content\/uploads\/IMG_6537-16x12.jpg 16w, https:\/\/www.dng-ms.eu\/wp-content\/uploads\/IMG_6537-420x315.jpg 420w\" sizes=\"(max-width: 2560px) 100vw, 2560px\" \/>\t\t\t\t\t\t\t\t\t\t\t<figcaption class=\"widget-image-caption wp-caption-text\">Die Teilnehmer der Exkursion wurden auf Kulturgut Haus Nottbeck von Kreisdirektor Dr. Stefan Funke und dem wissenschaftlichen Leiter Prof. Dr. Stefan H\u00f6ppner begr\u00fc\u00dft.<\/figcaption>\n\t\t\t\t\t\t\t\t\t\t<\/figure>\n\t\t\t\t\t\t\t\t\t<\/div>\n\t\t\t\t<div class=\"elementor-element elementor-element-5bde259 elementor-widget elementor-widget-text-editor\" data-id=\"5bde259\" data-element_type=\"widget\" data-e-type=\"widget\" data-widget_type=\"text-editor.default\">\n\t\t\t\t\t\t\t\t\t<p><strong><span style=\"color: inherit; font-family: 'Noto Sans'; font-size: 1.25rem;\">Neuer<\/span><\/strong><span style=\"color: inherit; font-family: 'Noto Sans'; font-size: 1.25rem; font-weight: bold;\"> Vorstand gew\u00e4hlt<br \/><\/span>Die Deutsch-Niederl\u00e4ndische Gesellschaft M\u00fcnster hat seit dem 04.04.2025 einen neuen Vorstand. Die Vorsitzende Dorothee Feller wurde in der Mitgliederversammlung auf Burg Bentheim einstimmig wiedergew\u00e4hlt. Auch Prof. Dr. Jacco Pekelder, Prof. Dr. Rudolf Mennigen und Paul Abels wurden wiedergew\u00e4hlt. Neu im Vorstand ist J\u00fcrgen Wannhoff. Wieland Pieper schied nach fast 25 Jahren Engagement aus dem Vorstand aus.<\/p>\t\t\t\t\t\t\t\t<\/div>\n\t\t\t\t<div class=\"elementor-element elementor-element-f71ae07 elementor-widget__width-initial elementor-widget elementor-widget-image\" data-id=\"f71ae07\" data-element_type=\"widget\" data-e-type=\"widget\" data-widget_type=\"image.default\">\n\t\t\t\t\t\t\t\t\t\t\t\t<figure class=\"wp-caption\">\n\t\t\t\t\t\t\t\t\t\t<img loading=\"lazy\" decoding=\"async\" width=\"480\" height=\"507\" src=\"https:\/\/www.dng-ms.eu\/wp-content\/uploads\/dng-ms-vorstand.jpg\" class=\"attachment-full size-full wp-image-811\" alt=\"Vorstand der Deutsch-Niederl\u00e4ndischen Gesellschaft M\u00fcnster\" srcset=\"https:\/\/www.dng-ms.eu\/wp-content\/uploads\/dng-ms-vorstand.jpg 480w, https:\/\/www.dng-ms.eu\/wp-content\/uploads\/dng-ms-vorstand-284x300.jpg 284w, https:\/\/www.dng-ms.eu\/wp-content\/uploads\/dng-ms-vorstand-11x12.jpg 11w\" sizes=\"(max-width: 480px) 100vw, 480px\" \/>\t\t\t\t\t\t\t\t\t\t\t<figcaption class=\"widget-image-caption wp-caption-text\">v. l.: Servaas van der Avoort (Gesch\u00e4ftsf\u00fchrer), Prof. Dr. Rudolf Mennigen, J\u00fcrgen Wannhoff, Vorsitzende Dorothee Feller, Prof. Dr. Jacco Pekelder, Paul Abels und Wieland Pieper.<\/figcaption>\n\t\t\t\t\t\t\t\t\t\t<\/figure>\n\t\t\t\t\t\t\t\t\t<\/div>\n\t\t\t\t<div class=\"elementor-element elementor-element-255aa6f elementor-widget elementor-widget-text-editor\" data-id=\"255aa6f\" data-element_type=\"widget\" data-e-type=\"widget\" data-widget_type=\"text-editor.default\">\n\t\t\t\t\t\t\t\t\t<h3><span style=\"color: inherit; font-family: 'Noto Sans'; font-size: 1.25rem; font-weight: bold;\">Festschrift<\/span><\/h3><p>Die Deutsch-Niederl\u00e4ndische Gesellschaft M\u00fcnster besteht seit 70 Jahren. Dazu haben wir eine Festschrift f\u00fcr unsere Mitglieder und zuk\u00fcnftige Mitglieder herausgegeben. Bei Interesse gerne in der Gesch\u00e4ftsstelle melden.<\/p>\t\t\t\t\t\t\t\t<\/div>\n\t\t\t\t<\/div>\n\t\t\t\t\t<\/div>\n\t\t\t\t<\/div>\n\t\t<div class=\"elementor-element elementor-element-c99aec1 e-flex e-con-boxed e-con e-parent\" data-id=\"c99aec1\" data-element_type=\"container\" data-e-type=\"container\" data-settings=\"{&quot;background_background&quot;:&quot;classic&quot;}\">\n\t\t\t\t\t<div class=\"e-con-inner\">\n\t\t\t\t<div class=\"elementor-element elementor-element-bd00ec9 elementor-widget elementor-widget-heading\" data-id=\"bd00ec9\" data-element_type=\"widget\" data-e-type=\"widget\" data-widget_type=\"heading.default\">\n\t\t\t\t\t<h2 class=\"elementor-heading-title elementor-size-default\">Kommende Termine<\/h2>\t\t\t\t<\/div>\n\t\t<div class=\"elementor-element elementor-element-be3f463 e-con-full e-flex e-con e-child\" data-id=\"be3f463\" data-element_type=\"container\" data-e-type=\"container\">\n\t\t\t\t<div class=\"elementor-element elementor-element-8ea1b99 elementor-shortcode-events-list-teaser elementor-widget elementor-widget-shortcode\" data-id=\"8ea1b99\" data-element_type=\"widget\" data-e-type=\"widget\" data-widget_type=\"shortcode.default\">\n\t\t\t\t\t\t\t<div class=\"elementor-shortcode\"><div class=\"em-view-container\" id=\"em-view-537738678\" data-view=\"list\">\r\n\t<div class=\"em-list em-events-list\" id=\"em-events-list-537738678\" data-view-id=\"537738678\">\r\n\t\n    <div class=\"em-events-list-item em-events-list-item-summary\">\n        <h3>Vorstandssitzung<\/h3>\n        <div class=\"em-events-list-item-kicker\">06.07.2026, 17:30 Uhr - 19:00 Uhr<\/div>\n        <p>M\u00fcnster (D)<\/p>\n    <\/div>\n\n    <div class=\"em-events-list-item em-events-list-item-summary\">\n        <h3>Tagesfahrt Genemuiden\/Zwartewaterland<\/h3>\n        <div class=\"em-events-list-item-kicker\">11.07.2026<\/div>\n        <p>Genemuiden (NL)<\/p>\n    <\/div>\n\n    <div class=\"em-events-list-item em-events-list-item-summary\">\n        <h3>Sommerkonzert Haus Welbergen<\/h3>\n        <div class=\"em-events-list-item-kicker\">19.09.2026, 15:00 Uhr - 18:00 Uhr<\/div>\n        <p>Welbergen (D)<\/p>\n    <\/div>\n\t<\/div>\r\n<\/div><\/div>\n\t\t\t\t\t\t<\/div>\n\t\t\t\t<\/div>\n\t\t\t\t<div class=\"elementor-element elementor-element-e80711f elementor-align-center elementor-widget elementor-widget-button\" data-id=\"e80711f\" data-element_type=\"widget\" data-e-type=\"widget\" data-widget_type=\"button.default\">\n\t\t\t\t\t\t\t\t\t\t<a class=\"elementor-button elementor-button-link elementor-size-sm\" href=\"\/programm\">\n\t\t\t\t\t\t<span class=\"elementor-button-content-wrapper\">\n\t\t\t\t\t\t\t\t\t<span class=\"elementor-button-text\">Weitere Termine<\/span>\n\t\t\t\t\t<\/span>\n\t\t\t\t\t<\/a>\n\t\t\t\t\t\t\t\t<\/div>\n\t\t\t\t\t<\/div>\n\t\t\t\t<\/div>\n\t\t<div class=\"elementor-element elementor-element-335fdf0 e-con-become-a-member e-flex e-con-boxed e-con e-parent\" data-id=\"335fdf0\" data-element_type=\"container\" data-e-type=\"container\">\n\t\t\t\t\t<div class=\"e-con-inner\">\n\t\t\t\t<div class=\"elementor-element elementor-element-abd7fed elementor-image-backdrop elementor-widget elementor-widget-image\" data-id=\"abd7fed\" data-element_type=\"widget\" data-e-type=\"widget\" data-widget_type=\"image.default\">\n\t\t\t\t\t\t\t\t\t\t\t\t\t\t\t<img loading=\"lazy\" decoding=\"async\" width=\"750\" height=\"278\" src=\"https:\/\/www.dng-ms.eu\/wp-content\/uploads\/mitglieder.jpg\" class=\"attachment-full size-full wp-image-207\" alt=\"Mitglieder\" srcset=\"https:\/\/www.dng-ms.eu\/wp-content\/uploads\/mitglieder.jpg 750w, https:\/\/www.dng-ms.eu\/wp-content\/uploads\/mitglieder-300x111.jpg 300w, https:\/\/www.dng-ms.eu\/wp-content\/uploads\/mitglieder-18x7.jpg 18w\" sizes=\"(max-width: 750px) 100vw, 750px\" \/>\t\t\t\t\t\t\t\t\t\t\t\t\t\t\t<\/div>\n\t\t<div class=\"elementor-element elementor-element-1ddf01e e-con-full elementor-element-width-fit e-flex e-con e-child\" data-id=\"1ddf01e\" data-element_type=\"container\" data-e-type=\"container\">\n\t\t\t\t<div class=\"elementor-element elementor-element-6764e7a elementor-widget elementor-widget-heading\" data-id=\"6764e7a\" data-element_type=\"widget\" data-e-type=\"widget\" data-widget_type=\"heading.default\">\n\t\t\t\t\t<h2 class=\"elementor-heading-title elementor-size-default\">Jetzt Mitglied werden<\/h2>\t\t\t\t<\/div>\n\t\t\t\t<div class=\"elementor-element elementor-element-e1313fb elementor-widget elementor-widget-text-editor\" data-id=\"e1313fb\" data-element_type=\"widget\" data-e-type=\"widget\" data-widget_type=\"text-editor.default\">\n\t\t\t\t\t\t\t\t\t<p>mitsprechen \u2013 mitwirken \u2013 miteinander<\/p>\t\t\t\t\t\t\t\t<\/div>\n\t\t\t\t<div class=\"elementor-element elementor-element-4c6e570 elementor-widget elementor-widget-heading\" data-id=\"4c6e570\" data-element_type=\"widget\" data-e-type=\"widget\" data-widget_type=\"heading.default\">\n\t\t\t\t\t<div class=\"elementor-heading-title elementor-size-default\"><a href=\"tel:+492515203105\">\t\t\t<!-- Icon \"phone\" from Simple Line Icons, licensed under the MIT license: https:\/\/opensource.org\/license\/MIT -->\n\t\t\t<svg\n\t\t\t\t\t\t\t\t\txmlns=\"http:\/\/www.w3.org\/2000\/svg\"\n\t\t\t\t\t\t\t\t\tfill=\"currentColor\"\n\t\t\t\t\t\t\t\t\tviewBox=\"0 0 1024 1024\"\n\t\t\t\t\t\t\t\t\trole=\"img\"\n\t\t\t\t\t\t\t\t\taria-hidden=\"true\"\n\t\t\t\t\t\t\t>\n\t\t\t\t\t\t\t\t\t<title>Telefon<\/title>\n\t\t\t\t\t\t\t\t<path d=\"M262.2 37c37.4 51.6 82.002 118.197 133.602 199.598 13 22 11 48.4-5.8 79.4-6.4 13-22.6 42.6-48.4 89.2 28.4 40 71.6 89.2 129.8 147.2s106.602 101.4 145.2 129.8c46.401-27.2 76.201-43.8 89.201-50.399 16.8-9 33-13.6 48.4-13.6 11.6 0 22 2.6 31 7.8 59.4 36.2 126.601 80.8 201.4 133.6 14.2 10.4 22.2 24.601 24.2 42.601 2 18.2-3.599 37.4-16.399 58.2-6.4 9-16.8 22.2-31 39.8-14.201 17.4-35.601 39.4-64.002 65.8s-51.6 39.802-69.8 39.802h-2c-136.6-5.4-305-107.801-504.4-307.201-199.6-199.6-302-367.8-307.2-504.6 0-18 13.2-41.6 39.8-70.8 26.4-29 48.2-50 64.799-63 16.8-12.8 31-23.2 42.6-31 14.2-10.4 30.4-15.4 48.4-15.4 22.2 0 38.8 7.8 50.6 23.2zm-63.998 40.598c-27.2 19.4-52.603 41.198-76.603 64.998-23.8 24-37.8 41.6-41.6 53.2 5.2 120.2 101 273.2 287.6 459.2 186.6 186 340 282.2 460 288.6 10.4-3.8 27.4-18 51.4-42.6s45.6-50.399 64.8-77.399c3.8-5.2 5.2-9.6 3.8-13.6-77.4-54.2-142-97.4-193.8-129.801-5.2 0-11.6 2-19.4 5.8-11.6 6.4-40.6 22.6-87.2 48.4l-33 19.4-33-21.4c-42.6-29.6-94.199-75.6-154.999-137.6-60.6-60.6-105.8-112.4-135.6-155l-23.2-31 19.4-34.799c25.8-46.4 42-75.6 48.4-87.2 3.8-7.8 5.8-14.2 5.8-19.4-46-73.401-88.599-138-127.398-193.6h-2c-5 0-9.6 1.4-13.4 3.8z\"\/>\t\t\t<\/svg>\n\t\t\t +49 251 5203 \u2013 105<\/a><\/div>\t\t\t\t<\/div>\n\t\t\t\t<div class=\"elementor-element elementor-element-9c1182d elementor-widget elementor-widget-heading\" data-id=\"9c1182d\" data-element_type=\"widget\" data-e-type=\"widget\" data-widget_type=\"heading.default\">\n\t\t\t\t\t<div class=\"elementor-heading-title elementor-size-default\"><a href=\"mailto:info@dng-ms.eu\">\t\t\t<!-- Icon \"envelope\" from Simple Line Icons, licensed under the MIT license: https:\/\/opensource.org\/license\/MIT -->\n\t\t\t<svg\n\t\t\t\t\t\t\t\t\txmlns=\"http:\/\/www.w3.org\/2000\/svg\"\n\t\t\t\t\t\t\t\t\tfill=\"currentColor\"\n\t\t\t\t\t\t\t\t\tviewBox=\"0 0 1024 1024\"\n\t\t\t\t\t\t\t\t\trole=\"img\"\n\t\t\t\t\t\t\t\t\taria-hidden=\"true\"\n\t\t\t\t\t\t\t>\n\t\t\t\t\t\t\t\t\t<title>E-Mail<\/title>\n\t\t\t\t\t\t\t\t<path d=\"M1023.46 232a31.629 31.629 0 0 0-2.48-18.271C1012.917 178.288 987.3 160 944.005 160h-832c-38.08 0-79.105 14-99.28 41.472-1.745 1.328-3.409 2.832-4.912 4.576-6.449 7.44-8.705 17.009-7.264 26.033-.288 2.592-.544 5.2-.544 7.92v512c0 53.024 58.992 112 112 112h832c53.024 0 80-58.976 80-112v-512c0-2.832-.368-5.313-.544-8.001zm-911.459-8l832.001-.001h.432L512.002 568.655 81.314 225.407C91.106 223.599 103.154 224 112 224zm832.001 575.999H112.003c-17.648 0-48-30.336-48-48V293.551l427.04 341.648c6.016 5.2 13.487 7.792 20.959 7.792a32.046 32.046 0 0 0 20.976-7.792l427.024-341.632v458.432c0 17.664 1.664 48-16 48z\"\/>\t\t\t<\/svg>\n\t\t\t info@dng-ms.eu<\/a><\/div>\t\t\t\t<\/div>\n\t\t\t\t<\/div>\n\t\t\t\t\t<\/div>\n\t\t\t\t<\/div>\n\t\t<section class=\"elementor-element elementor-element-5056445 e-con-full e-flex e-con e-parent\" data-id=\"5056445\" data-element_type=\"container\" data-e-type=\"container\">\n\t\t\t\t<div class=\"elementor-element elementor-element-08438a1 elementor-widget elementor-widget-heading\" data-id=\"08438a1\" data-element_type=\"widget\" data-e-type=\"widget\" data-widget_type=\"heading.default\">\n\t\t\t\t\t<h2 class=\"elementor-heading-title elementor-size-default\">Unsere Partner<\/h2>\t\t\t\t<\/div>\n\t\t\t\t<div class=\"elementor-element elementor-element-4611b1b elementor-widget elementor-widget-text-editor\" data-id=\"4611b1b\" data-element_type=\"widget\" data-e-type=\"widget\" data-widget_type=\"text-editor.default\">\n\t\t\t\t\t\t\t\t\t<p>Unsere Gesellschaft hat Partner in Wirtschaft, Wissenschaft und Gesellschaft.<\/p><p>Wir geben Ihnen gern Gelegenheit, sich zu informieren \u2013 auch \u00fcber weitere interessante Termine.<\/p><p>Sie sehen: Wir sind nicht allein, sondern Teil einer grenz\u00fcberschreitenden Region.<\/p>\t\t\t\t\t\t\t\t<\/div>\n\t\t<div class=\"elementor-element elementor-element-e67a836 e-con-partners e-flex e-con-boxed e-con e-child\" data-id=\"e67a836\" data-element_type=\"container\" data-e-type=\"container\">\n\t\t\t\t\t<div class=\"e-con-inner\">\n\t\t\t\t<div class=\"elementor-element elementor-element-f5c075c elementor-widget__width-initial elementor-position-top elementor-widget elementor-widget-image-box\" data-id=\"f5c075c\" data-element_type=\"widget\" data-e-type=\"widget\" data-widget_type=\"image-box.default\">\n\t\t\t\t\t<div class=\"elementor-image-box-wrapper\"><figure class=\"elementor-image-box-img\"><a href=\"https:\/\/www.uni-muenster.de\/ZNS\/\" target=\"_blank\" rel=\"nofollow\" tabindex=\"-1\"><img loading=\"lazy\" decoding=\"async\" width=\"160\" height=\"74\" src=\"https:\/\/www.dng-ms.eu\/wp-content\/uploads\/partner-zns.png\" class=\"attachment-full size-full wp-image-378\" alt=\"Zentrum f\u00fcr Niederlande-Studien\" srcset=\"https:\/\/www.dng-ms.eu\/wp-content\/uploads\/partner-zns.png 160w, https:\/\/www.dng-ms.eu\/wp-content\/uploads\/partner-zns-18x8.png 18w\" sizes=\"(max-width: 160px) 100vw, 160px\" \/><\/a><\/figure><div class=\"elementor-image-box-content\"><div class=\"elementor-image-box-title\"><a href=\"https:\/\/www.uni-muenster.de\/ZNS\/\" target=\"_blank\" rel=\"nofollow\">Zentrum f\u00fcr Niederlande-Studien<\/a><\/div><\/div><\/div>\t\t\t\t<\/div>\n\t\t\t\t<div class=\"elementor-element elementor-element-9dc7085 elementor-widget__width-initial elementor-position-top elementor-widget elementor-widget-image-box\" data-id=\"9dc7085\" data-element_type=\"widget\" data-e-type=\"widget\" data-widget_type=\"image-box.default\">\n\t\t\t\t\t<div class=\"elementor-image-box-wrapper\"><figure class=\"elementor-image-box-img\"><a href=\"https:\/\/www.bdnz.eu\/\" target=\"_blank\" rel=\"nofollow\" tabindex=\"-1\"><img loading=\"lazy\" decoding=\"async\" width=\"120\" height=\"48\" src=\"https:\/\/www.dng-ms.eu\/wp-content\/uploads\/partner-bdnz.png\" class=\"attachment-full size-full wp-image-379\" alt=\"Bundesgemeinschaft f\u00fcr deutsch-niederl\u00e4ndische Zusammenarbeit\" srcset=\"https:\/\/www.dng-ms.eu\/wp-content\/uploads\/partner-bdnz.png 120w, https:\/\/www.dng-ms.eu\/wp-content\/uploads\/partner-bdnz-18x7.png 18w\" sizes=\"(max-width: 120px) 100vw, 120px\" \/><\/a><\/figure><div class=\"elementor-image-box-content\"><div class=\"elementor-image-box-title\"><a href=\"https:\/\/www.bdnz.eu\/\" target=\"_blank\" rel=\"nofollow\">Bundesgemeinschaft f\u00fcr deutsch-niederl\u00e4ndische Zusammenarbeit<\/a><\/div><\/div><\/div>\t\t\t\t<\/div>\n\t\t\t\t<div class=\"elementor-element elementor-element-4285a49 elementor-widget__width-initial elementor-position-top elementor-widget elementor-widget-image-box\" data-id=\"4285a49\" data-element_type=\"widget\" data-e-type=\"widget\" data-widget_type=\"image-box.default\">\n\t\t\t\t\t<div class=\"elementor-image-box-wrapper\"><figure class=\"elementor-image-box-img\"><a href=\"https:\/\/www.enschede-muenster.de\/\" target=\"_blank\" rel=\"nofollow\" tabindex=\"-1\"><img loading=\"lazy\" decoding=\"async\" width=\"115\" height=\"140\" src=\"https:\/\/www.dng-ms.eu\/wp-content\/uploads\/partner-pem.png\" class=\"attachment-full size-full wp-image-380\" alt=\"Partnerst\u00e4dte-Enschede-M\u00fcnster e.V.\" srcset=\"https:\/\/www.dng-ms.eu\/wp-content\/uploads\/partner-pem.png 115w, https:\/\/www.dng-ms.eu\/wp-content\/uploads\/partner-pem-10x12.png 10w\" sizes=\"(max-width: 115px) 100vw, 115px\" \/><\/a><\/figure><div class=\"elementor-image-box-content\"><div class=\"elementor-image-box-title\"><a href=\"https:\/\/www.enschede-muenster.de\/\" target=\"_blank\" rel=\"nofollow\">Partnerst\u00e4dte-Enschede-M\u00fcnster e.V.<\/a><\/div><\/div><\/div>\t\t\t\t<\/div>\n\t\t\t\t<div class=\"elementor-element elementor-element-703b393 elementor-widget__width-initial elementor-position-top elementor-widget elementor-widget-image-box\" data-id=\"703b393\" data-element_type=\"widget\" data-e-type=\"widget\" data-widget_type=\"image-box.default\">\n\t\t\t\t\t<div class=\"elementor-image-box-wrapper\"><figure class=\"elementor-image-box-img\"><a href=\"https:\/\/web.muenster.de\/veranstaltungskalender.html\" target=\"_blank\" rel=\"nofollow\" tabindex=\"-1\"><img loading=\"lazy\" decoding=\"async\" width=\"160\" height=\"83\" src=\"https:\/\/www.dng-ms.eu\/wp-content\/uploads\/partner-veranstaltungen-muenster.png\" class=\"attachment-full size-full wp-image-381\" alt=\"Veranstaltungen M\u00fcnster\" srcset=\"https:\/\/www.dng-ms.eu\/wp-content\/uploads\/partner-veranstaltungen-muenster.png 160w, https:\/\/www.dng-ms.eu\/wp-content\/uploads\/partner-veranstaltungen-muenster-18x9.png 18w\" sizes=\"(max-width: 160px) 100vw, 160px\" \/><\/a><\/figure><div class=\"elementor-image-box-content\"><div class=\"elementor-image-box-title\"><a href=\"https:\/\/web.muenster.de\/veranstaltungskalender.html\" target=\"_blank\" rel=\"nofollow\">Veranstaltungen M\u00fcnster<\/a><\/div><\/div><\/div>\t\t\t\t<\/div>\n\t\t\t\t<div class=\"elementor-element elementor-element-74bc8c7 elementor-widget__width-initial elementor-position-top elementor-widget elementor-widget-image-box\" data-id=\"74bc8c7\" data-element_type=\"widget\" data-e-type=\"widget\" data-widget_type=\"image-box.default\">\n\t\t\t\t\t<div class=\"elementor-image-box-wrapper\"><figure class=\"elementor-image-box-img\"><a href=\"https:\/\/www.os-kalender.de\/alle-veranstaltungen-in-der-uebersicht\" target=\"_blank\" rel=\"nofollow\" tabindex=\"-1\"><img loading=\"lazy\" decoding=\"async\" width=\"144\" height=\"38\" src=\"https:\/\/www.dng-ms.eu\/wp-content\/uploads\/partner-veranstaltungen-osnabrueck.png\" class=\"attachment-full size-full wp-image-382\" alt=\"Veranstaltungen Osnabr\u00fcck\" srcset=\"https:\/\/www.dng-ms.eu\/wp-content\/uploads\/partner-veranstaltungen-osnabrueck.png 144w, https:\/\/www.dng-ms.eu\/wp-content\/uploads\/partner-veranstaltungen-osnabrueck-18x5.png 18w\" sizes=\"(max-width: 144px) 100vw, 144px\" \/><\/a><\/figure><div class=\"elementor-image-box-content\"><div class=\"elementor-image-box-title\"><a href=\"https:\/\/www.os-kalender.de\/alle-veranstaltungen-in-der-uebersicht\" target=\"_blank\" rel=\"nofollow\">Veranstaltungen Osnabr\u00fcck<\/a><\/div><\/div><\/div>\t\t\t\t<\/div>\n\t\t\t\t<div class=\"elementor-element elementor-element-4d0dd30 elementor-widget__width-initial elementor-position-top elementor-widget elementor-widget-image-box\" data-id=\"4d0dd30\" data-element_type=\"widget\" data-e-type=\"widget\" data-widget_type=\"image-box.default\">\n\t\t\t\t\t<div class=\"elementor-image-box-wrapper\"><figure class=\"elementor-image-box-img\"><a href=\"https:\/\/www.uitinenschede.nl\/agenda\" target=\"_blank\" rel=\"nofollow\" tabindex=\"-1\"><img loading=\"lazy\" decoding=\"async\" width=\"56\" height=\"56\" src=\"https:\/\/www.dng-ms.eu\/wp-content\/uploads\/partner-veranstaltungen-enschede.png\" class=\"attachment-full size-full wp-image-383\" alt=\"Veranstaltungen Enschede\" srcset=\"https:\/\/www.dng-ms.eu\/wp-content\/uploads\/partner-veranstaltungen-enschede.png 56w, https:\/\/www.dng-ms.eu\/wp-content\/uploads\/partner-veranstaltungen-enschede-12x12.png 12w\" sizes=\"(max-width: 56px) 100vw, 56px\" \/><\/a><\/figure><div class=\"elementor-image-box-content\"><div class=\"elementor-image-box-title\"><a href=\"https:\/\/www.uitinenschede.nl\/agenda\" target=\"_blank\" rel=\"nofollow\">Veranstaltungen Enschede<\/a><\/div><\/div><\/div>\t\t\t\t<\/div>\n\t\t\t\t<div class=\"elementor-element elementor-element-ad05183 elementor-widget__width-initial elementor-position-top elementor-widget elementor-widget-image-box\" data-id=\"ad05183\" data-element_type=\"widget\" data-e-type=\"widget\" data-widget_type=\"image-box.default\">\n\t\t\t\t\t<div class=\"elementor-image-box-wrapper\"><figure class=\"elementor-image-box-img\"><a href=\"https:\/\/www.achterhoekagenda.nl\/agenda\" target=\"_blank\" rel=\"nofollow\" tabindex=\"-1\"><img loading=\"lazy\" decoding=\"async\" width=\"160\" height=\"46\" src=\"https:\/\/www.dng-ms.eu\/wp-content\/uploads\/partner-veranstaltungen-achterhoek.png\" class=\"attachment-full size-full wp-image-384\" alt=\"Veranstaltungen Achterhoek\" srcset=\"https:\/\/www.dng-ms.eu\/wp-content\/uploads\/partner-veranstaltungen-achterhoek.png 160w, https:\/\/www.dng-ms.eu\/wp-content\/uploads\/partner-veranstaltungen-achterhoek-18x5.png 18w\" sizes=\"(max-width: 160px) 100vw, 160px\" \/><\/a><\/figure><div class=\"elementor-image-box-content\"><div class=\"elementor-image-box-title\"><a href=\"https:\/\/www.achterhoekagenda.nl\/agenda\" target=\"_blank\" rel=\"nofollow\">Veranstaltungen Achterhoek<\/a><\/div><\/div><\/div>\t\t\t\t<\/div>\n\t\t\t\t<div class=\"elementor-element elementor-element-d4066c8 elementor-widget__width-initial elementor-widget-mobile__width-initial elementor-position-top elementor-widget elementor-widget-image-box\" data-id=\"d4066c8\" data-element_type=\"widget\" data-e-type=\"widget\" data-widget_type=\"image-box.default\">\n\t\t\t\t\t<div class=\"elementor-image-box-wrapper\"><figure class=\"elementor-image-box-img\"><a href=\"https:\/\/www.westfalen-ev.de\/aktuelles\/veranstaltungen\/\" target=\"_blank\" rel=\"nofollow\" tabindex=\"-1\"><img loading=\"lazy\" decoding=\"async\" width=\"110\" height=\"65\" src=\"https:\/\/www.dng-ms.eu\/wp-content\/uploads\/partner-westfalen-ev.png\" class=\"attachment-full size-full wp-image-1768\" alt=\"Westfalen e.V.\" srcset=\"https:\/\/www.dng-ms.eu\/wp-content\/uploads\/partner-westfalen-ev.png 110w, https:\/\/www.dng-ms.eu\/wp-content\/uploads\/partner-westfalen-ev-18x12.png 18w\" sizes=\"(max-width: 110px) 100vw, 110px\" \/><\/a><\/figure><div class=\"elementor-image-box-content\"><div class=\"elementor-image-box-title\"><a href=\"https:\/\/www.westfalen-ev.de\/aktuelles\/veranstaltungen\/\" target=\"_blank\" rel=\"nofollow\">Westfalen e.V.<\/a><\/div><\/div><\/div>\t\t\t\t<\/div>\n\t\t\t\t<div class=\"elementor-element elementor-element-392bda9 elementor-widget__width-initial elementor-widget-mobile__width-initial elementor-position-top elementor-widget elementor-widget-image-box\" data-id=\"392bda9\" data-element_type=\"widget\" data-e-type=\"widget\" data-widget_type=\"image-box.default\">\n\t\t\t\t\t<div class=\"elementor-image-box-wrapper\"><figure class=\"elementor-image-box-img\"><a href=\"https:\/\/www.euregio-musikfestival.de\/\" target=\"_blank\" rel=\"nofollow\" tabindex=\"-1\"><img loading=\"lazy\" decoding=\"async\" width=\"573\" height=\"481\" src=\"https:\/\/www.dng-ms.eu\/wp-content\/uploads\/Logo-Euregio-Orchestra-Academy.jpg\" class=\"attachment-full size-full wp-image-2432\" alt=\"\" srcset=\"https:\/\/www.dng-ms.eu\/wp-content\/uploads\/Logo-Euregio-Orchestra-Academy.jpg 573w, https:\/\/www.dng-ms.eu\/wp-content\/uploads\/Logo-Euregio-Orchestra-Academy-300x252.jpg 300w, https:\/\/www.dng-ms.eu\/wp-content\/uploads\/Logo-Euregio-Orchestra-Academy-14x12.jpg 14w\" sizes=\"(max-width: 573px) 100vw, 573px\" \/><\/a><\/figure><div class=\"elementor-image-box-content\"><div class=\"elementor-image-box-title\"><a href=\"https:\/\/www.euregio-musikfestival.de\/\" target=\"_blank\" rel=\"nofollow\">Euregio Orchestra Academy<\/a><\/div><\/div><\/div>\t\t\t\t<\/div>\n\t\t\t\t<div class=\"elementor-element elementor-element-67f4b2b elementor-widget__width-initial elementor-widget-mobile__width-initial elementor-position-top elementor-widget elementor-widget-image-box\" data-id=\"67f4b2b\" data-element_type=\"widget\" data-e-type=\"widget\" data-widget_type=\"image-box.default\">\n\t\t\t\t\t<div class=\"elementor-image-box-wrapper\"><figure class=\"elementor-image-box-img\"><a href=\"http:\/\/deutsch-niederlaendische-juristenkonferenz.de\/\" target=\"_blank\" rel=\"nofollow\" tabindex=\"-1\"><img loading=\"lazy\" decoding=\"async\" width=\"480\" height=\"63\" src=\"https:\/\/www.dng-ms.eu\/wp-content\/uploads\/partner-dnjk.png\" class=\"attachment-full size-full wp-image-385\" alt=\"Deutsch-Niederl\u00e4ndische Juristenkonferenz\" srcset=\"https:\/\/www.dng-ms.eu\/wp-content\/uploads\/partner-dnjk.png 480w, https:\/\/www.dng-ms.eu\/wp-content\/uploads\/partner-dnjk-300x39.png 300w, https:\/\/www.dng-ms.eu\/wp-content\/uploads\/partner-dnjk-18x2.png 18w\" sizes=\"(max-width: 480px) 100vw, 480px\" \/><\/a><\/figure><div class=\"elementor-image-box-content\"><div class=\"elementor-image-box-title\"><a href=\"http:\/\/deutsch-niederlaendische-juristenkonferenz.de\/\" target=\"_blank\" rel=\"nofollow\">Deutsch-Niederl\u00e4ndische Juristenkonferenz<\/a><\/div><\/div><\/div>\t\t\t\t<\/div>\n\t\t\t\t<div class=\"elementor-element elementor-element-d81c392 elementor-widget__width-initial elementor-widget-mobile__width-initial elementor-position-top elementor-widget elementor-widget-image-box\" data-id=\"d81c392\" data-element_type=\"widget\" data-e-type=\"widget\" data-widget_type=\"image-box.default\">\n\t\t\t\t\t<div class=\"elementor-image-box-wrapper\"><figure class=\"elementor-image-box-img\"><a href=\"http:\/\/deutsch-niederlaendische-juristenkonferenz.de\/\" target=\"_blank\" rel=\"nofollow\" tabindex=\"-1\"><img loading=\"lazy\" decoding=\"async\" width=\"400\" height=\"109\" src=\"https:\/\/www.dng-ms.eu\/wp-content\/uploads\/OIP.vQ0IWNM7K1S5pLzofUzDfgAAAA.jpeg\" class=\"attachment-full size-full wp-image-3020\" alt=\"\" srcset=\"https:\/\/www.dng-ms.eu\/wp-content\/uploads\/OIP.vQ0IWNM7K1S5pLzofUzDfgAAAA.jpeg 400w, https:\/\/www.dng-ms.eu\/wp-content\/uploads\/OIP.vQ0IWNM7K1S5pLzofUzDfgAAAA-300x82.jpeg 300w, https:\/\/www.dng-ms.eu\/wp-content\/uploads\/OIP.vQ0IWNM7K1S5pLzofUzDfgAAAA-18x5.jpeg 18w\" sizes=\"(max-width: 400px) 100vw, 400px\" \/><\/a><\/figure><div class=\"elementor-image-box-content\"><div class=\"elementor-image-box-title\"><a href=\"http:\/\/deutsch-niederlaendische-juristenkonferenz.de\/\" target=\"_blank\" rel=\"nofollow\">Liemers Niederrhein<\/a><\/div><\/div><\/div>\t\t\t\t<\/div>\n\t\t\t\t\t<\/div>\n\t\t\t\t<\/div>\n\t\t<div class=\"elementor-element elementor-element-ea46bb4 e-con-full e-flex e-con e-child\" data-id=\"ea46bb4\" data-element_type=\"container\" data-e-type=\"container\">\n\t\t\t\t<\/div>\n\t\t<div class=\"elementor-element elementor-element-49441f4 e-con-full e-flex e-con e-child\" data-id=\"49441f4\" data-element_type=\"container\" data-e-type=\"container\">\n\t\t\t\t<\/div>\n\t\t\t\t<\/section>\n\t\t<div class=\"elementor-element elementor-element-0526e45 e-flex e-con-boxed e-con e-parent\" data-id=\"0526e45\" data-element_type=\"container\" data-e-type=\"container\">\n\t\t\t\t\t<div class=\"e-con-inner\">\n\t\t\t\t\t<\/div>\n\t\t\t\t<\/div>\n\t\t\t\t<\/div>\n\t\t","protected":false},"excerpt":{"rendered":"<p>Deutsch-Niederl\u00e4ndische Gesellschaft e.\u00a0V. Grenzen \u00fcberwinden und Kontakte pflegen Die Deutsch-Niederl\u00e4ndische Gesellschaft ist eine Gemeinschaft von Menschen, Unternehmen und Institutionen im Grenzraum von Westfalen, Niedersachsen und den Niederlanden. Grenzraum stimmt eigentlich schon lange nicht mehr, denn wir haben Grenzen \u00fcberwunden und pflegen den Austausch und die Zusammenarbeit. Wir sind eine regionale Vereinigung, die im M\u00fcnsterland, im [&hellip;]<\/p>\n","protected":false},"author":1,"featured_media":0,"parent":0,"menu_order":10,"comment_status":"closed","ping_status":"closed","template":"elementor_header_footer","meta":{"_acf_changed":false,"ocean_post_layout":"","ocean_both_sidebars_style":"","ocean_both_sidebars_content_width":0,"ocean_both_sidebars_sidebars_width":0,"ocean_sidebar":"0","ocean_second_sidebar":"0","ocean_disable_margins":"enable","ocean_add_body_class":"","ocean_shortcode_before_top_bar":"","ocean_shortcode_after_top_bar":"","ocean_shortcode_before_header":"","ocean_shortcode_after_header":"","ocean_has_shortcode":"","ocean_shortcode_after_title":"","ocean_shortcode_before_footer_widgets":"","ocean_shortcode_after_footer_widgets":"","ocean_shortcode_before_footer_bottom":"","ocean_shortcode_after_footer_bottom":"","ocean_display_top_bar":"default","ocean_display_header":"default","ocean_header_style":"","ocean_center_header_left_menu":"0","ocean_custom_header_template":"0","ocean_custom_logo":0,"ocean_custom_retina_logo":0,"ocean_custom_logo_max_width":0,"ocean_custom_logo_tablet_max_width":0,"ocean_custom_logo_mobile_max_width":0,"ocean_custom_logo_max_height":0,"ocean_custom_logo_tablet_max_height":0,"ocean_custom_logo_mobile_max_height":0,"ocean_header_custom_menu":"0","ocean_menu_typo_font_family":"0","ocean_menu_typo_font_subset":"","ocean_menu_typo_font_size":0,"ocean_menu_typo_font_size_tablet":0,"ocean_menu_typo_font_size_mobile":0,"ocean_menu_typo_font_size_unit":"px","ocean_menu_typo_font_weight":"","ocean_menu_typo_font_weight_tablet":"","ocean_menu_typo_font_weight_mobile":"","ocean_menu_typo_transform":"","ocean_menu_typo_transform_tablet":"","ocean_menu_typo_transform_mobile":"","ocean_menu_typo_line_height":0,"ocean_menu_typo_line_height_tablet":0,"ocean_menu_typo_line_height_mobile":0,"ocean_menu_typo_line_height_unit":"","ocean_menu_typo_spacing":0,"ocean_menu_typo_spacing_tablet":0,"ocean_menu_typo_spacing_mobile":0,"ocean_menu_typo_spacing_unit":"","ocean_menu_link_color":"","ocean_menu_link_color_hover":"","ocean_menu_link_color_active":"","ocean_menu_link_background":"","ocean_menu_link_hover_background":"","ocean_menu_link_active_background":"","ocean_menu_social_links_bg":"","ocean_menu_social_hover_links_bg":"","ocean_menu_social_links_color":"","ocean_menu_social_hover_links_color":"","ocean_disable_title":"on","ocean_disable_heading":"default","ocean_post_title":"","ocean_post_subheading":"","ocean_post_title_style":"","ocean_post_title_background_color":"","ocean_post_title_background":0,"ocean_post_title_bg_image_position":"","ocean_post_title_bg_image_attachment":"","ocean_post_title_bg_image_repeat":"","ocean_post_title_bg_image_size":"","ocean_post_title_height":0,"ocean_post_title_bg_overlay":0.5,"ocean_post_title_bg_overlay_color":"","ocean_disable_breadcrumbs":"default","ocean_breadcrumbs_color":"","ocean_breadcrumbs_separator_color":"","ocean_breadcrumbs_links_color":"","ocean_breadcrumbs_links_hover_color":"","ocean_display_footer_widgets":"default","ocean_display_footer_bottom":"default","ocean_custom_footer_template":"0","footnotes":""},"class_list":["post-24","page","type-page","status-publish","hentry","entry"],"acf":[],"_links":{"self":[{"href":"https:\/\/www.dng-ms.eu\/de\/wp-json\/wp\/v2\/pages\/24","targetHints":{"allow":["GET"]}}],"collection":[{"href":"https:\/\/www.dng-ms.eu\/de\/wp-json\/wp\/v2\/pages"}],"about":[{"href":"https:\/\/www.dng-ms.eu\/de\/wp-json\/wp\/v2\/types\/page"}],"author":[{"embeddable":true,"href":"https:\/\/www.dng-ms.eu\/de\/wp-json\/wp\/v2\/users\/1"}],"replies":[{"embeddable":true,"href":"https:\/\/www.dng-ms.eu\/de\/wp-json\/wp\/v2\/comments?post=24"}],"version-history":[{"count":20,"href":"https:\/\/www.dng-ms.eu\/de\/wp-json\/wp\/v2\/pages\/24\/revisions"}],"predecessor-version":[{"id":3187,"href":"https:\/\/www.dng-ms.eu\/de\/wp-json\/wp\/v2\/pages\/24\/revisions\/3187"}],"wp:attachment":[{"href":"https:\/\/www.dng-ms.eu\/de\/wp-json\/wp\/v2\/media?parent=24"}],"curies":[{"name":"wp","href":"https:\/\/api.w.org\/{rel}","templated":true}]}}